{"id":2175,"date":"2021-05-13T09:50:48","date_gmt":"2021-05-13T06:50:48","guid":{"rendered":"http:\/\/daugavpils.partneribas.lv\/?page_id=2175"},"modified":"2023-02-01T21:43:25","modified_gmt":"2023-02-01T18:43:25","slug":"aktualitates","status":"publish","type":"page","link":"https:\/\/daugavpils.partneribas.lv\/?page_id=2175","title":{"rendered":"Aktualit\u0101tes"},"content":{"rendered":"\n<figure class=\"wp-block-image size-large is-resized\"><img loading=\"lazy\" decoding=\"async\" src=\"https:\/\/daugavpils.partneribas.lv\/wp-content\/uploads\/2021\/05\/Active-citizens-fund-edited-1024x360.png\" alt=\"\" class=\"wp-image-2170\" width=\"238\" height=\"83\" srcset=\"https:\/\/daugavpils.partneribas.lv\/wp-content\/uploads\/2021\/05\/Active-citizens-fund-edited-1024x360.png 1024w, https:\/\/daugavpils.partneribas.lv\/wp-content\/uploads\/2021\/05\/Active-citizens-fund-edited-300x105.png 300w, https:\/\/daugavpils.partneribas.lv\/wp-content\/uploads\/2021\/05\/Active-citizens-fund-edited-768x270.png 768w, https:\/\/daugavpils.partneribas.lv\/wp-content\/uploads\/2021\/05\/Active-citizens-fund-edited-1536x540.png 1536w, https:\/\/daugavpils.partneribas.lv\/wp-content\/uploads\/2021\/05\/Active-citizens-fund-edited-2048x720.png 2048w\" sizes=\"auto, (max-width: 238px) 100vw, 238px\" \/><\/figure>\n\n\n\n<p><strong>Lai stiprin\u0101tu pilsonisko l\u012bdzdal\u012bbu, demokr\u0101tijas kult\u016bru un att\u012bst\u012btu kopienas<\/strong> <strong>aicin\u0101m iedz\u012bvot\u0101jus piedal\u012bties kopienu semin\u0101ros \u201cES VARU\u201d<\/strong><\/p>\n\n\n\n<p><strong>SEMIN\u0100RA LAIK\u0100 IEG\u016aSIET:<\/strong><\/p>\n\n\n\n<ul class=\"wp-block-list\"><li>Izpratni un pieredzi, ka da\u017e\u0101d\u012bba ir v\u0113rt\u012bba;<\/li><li>Izpratni par dialoga noz\u012bm\u012bgumu kopienas att\u012bst\u012bb\u0101;<\/li><li>Izpratni par kopienas procesiem un savu vietu taj\u0101;<\/li><li>Sevis un citu apzin\u0101\u0161an\u0101s k\u0101 resursu kopienas att\u012bst\u012bb\u0101;<\/li><li>Iem\u0101c\u012bsieties rast risin\u0101jumus kopienu izaicin\u0101jumiem;<\/li><li>Veidosiet jaunas un palieko\u0161as sadarb\u012bbas dal\u012bbnieku starp\u0101;<\/li><li>Padar\u012bsiet dzirdamu kopienas balsi pa\u0161vald\u012bbas l\u012bmen\u012b.<\/li><\/ul>\n\n\n\n<p><strong>SEMIN\u0100RI NOTIKS:<\/strong><\/p>\n\n\n\n<p><strong>Kr\u0101slavas rajona partner\u012bbas darb\u012bbas teritorij\u0101 Semin\u0101ri notiek digt\u0101laj\u0101 vid\u0113: <\/strong><a href=\"https:\/\/us02web.zoom.us\/j\/7386250621\">https:\/\/us02web.zoom.us\/j\/7386250621<\/a><\/p>\n\n\n\n<figure class=\"wp-block-table\"><table><tbody><tr><td>18. 05 &nbsp;Plkst. 14.00<\/td><td>Ezernieku pagasts, Dagdas novads.<\/td><\/tr><tr><td>19.05 Plkst. 10.00<\/td><td>Indras pagasts, Kr\u0101slavas pagasts.<\/td><\/tr><tr><td>19.05 Plkst. 14.00<\/td><td>\u0160\u0137eltovas pagasts, Aglonas novads<\/td><\/tr><\/tbody><\/table><\/figure>\n\n\n\n<p><strong>Prei\u013cu rajona partner\u012bbas darb\u012bbas teritorij\u0101. Par semin\u0101ra norises form\u0101tu inform\u0101cija sekos<\/strong>. <\/p>\n\n\n\n<figure class=\"wp-block-table\"><table><tbody><tr><td>25.05 Plkst. 14.00<\/td><td>L\u012bv\u0101nu novads.<\/td><\/tr><tr><td>26.05 Plkst. 10.00<\/td><td>Smelteres pagasts, Prei\u013cu novads.<\/td><\/tr><tr><td>26.05 Plkst. 15.00<\/td><td>Riebi\u0146u novads.<\/td><\/tr><\/tbody><\/table><\/figure>\n\n\n\n<p><strong>Daugavpils un Il\u016bkstes novadu partner\u012bbas \u201cKaimi\u0146i\u201d darb\u012bbas teritorij\u0101. Par semin\u0101ra norises form\u0101tu inform\u0101cija sekos<\/strong>.<\/p>\n\n\n\n<figure class=\"wp-block-table\"><table><tbody><tr><td>01.06. Plkst. 14.00<\/td><td>L\u012bksnas pagasts, Daugavpils novads.<\/td><\/tr><tr><td>02.06 Plkst. 10.00<\/td><td>Skrudalienas pagasts, Daugavpils novads.<\/td><\/tr><tr><td>02.06 Plkst. 15.00<\/td><td>Eglaines pagasts, Il\u016bkstes novads.<\/td><\/tr><\/tbody><\/table><\/figure>\n\n\n\n<p><strong>SEMIN\u0100RU VAD\u012aS<\/strong> \u2013 <strong>Ieva J\u0101tniece<\/strong> biedr\u012bbas \u201c\u016adensz\u012bmes\u201d vad\u012bt\u0101ja ar pieredze NVO sektor\u0101 vair\u0101k nek\u0101 20 gadi un <strong>Daina Alu\u017e\u0101ne<\/strong> \u2013 kopienu sadarb\u012bbas t\u012bkla \u201cS\u0113lijas salas\u201d koordinatore.<\/p>\n\n\n\n<ul class=\"wp-block-list\"><li>Nav nepiecie\u0161ams iepriek\u0161 re\u0123istr\u0113ties vai pieteikties;<\/li><li>L\u016bgums pievienoties ne \u0101tr\u0101k k\u0101 10 min\u016btes pirms semin\u0101ra s\u0101kuma;<\/li><li>Atverot adresi p\u0101rl\u016bkprogramm\u0101, at\u013caujiet kameras izmanto\u0161anu (Allow);<\/li><li>Piesl\u0113dzoties oblig\u0101ti nor\u0101diet savu v\u0101rdu un uzv\u0101rdu. <\/li><\/ul>\n\n\n\n<p><\/p>\n\n\n\n<h2 class=\"wp-block-heading\"><strong>Ce\u013cojums Dienvidlatgales kopienu var\u0113\u0161an\u0101.<\/strong><\/h2>\n\n\n\n<p><strong>D<\/strong>ivas maija nogales ned\u0113\u013cas un j\u016bnija pirm\u0101s dienas mums, biedr\u012bbas \u201e\u016adensz\u012bmes\u201d p\u0101rst\u0101v\u0113m Ievai J\u0101tniecei un Dainai Alu\u017e\u0101nei pag\u0101ja Dienvidlatgales z\u012bm\u0113. Gan virtu\u0101li, gan kl\u0101tien\u0113 novad\u012bj\u0101m devi\u0146us semin\u0101rus cikl\u0101 \u201eES varu!\u201d<\/p>\n\n\n\n<p>Semin\u0101ri norisin\u0101j\u0101s Kr\u0101slavas lauku partner\u012bbas, Prei\u013cu lauku partner\u012bbas un Il\u016bkstes un Daugavpils novadu partner\u012bbas \u201eKaimi\u0146i\u201d teritorij\u0101s. Un to, cik daudz m\u0113s varam, vajadz\u0113ja pier\u0101d\u012bt mums visiem \u2013 gan projekta vad\u012bbas grupai, gan semin\u0101ru apmekl\u0113t\u0101jiem, gan mums, k\u0101 \u0161\u012b cikla vad\u012bt\u0101j\u0101m.<\/p>\n\n\n\n<p>Covid 19 ierobe\u017eojumu un tuvo pa\u0161vald\u012bbu v\u0113l\u0113\u0161anu laiks rad\u012bja bl\u012bvu izaicin\u0101jumu gaisotni, ta\u010du \u0161\u0101dos gad\u012bjumos gandar\u012bjums par paveikto ir v\u0113l jo liel\u0101ks. Pat \u0161\u0101d\u0101 kontekst\u0101 Dienvidlatgales semin\u0101ru cikls izc\u0113l\u0101s ar savu sp\u0113ku un daudzveid\u012bbu!<\/p>\n\n\n\n<p>Semin\u0101ri Kr\u0101slavas novad\u0101 norisin\u0101j\u0101s tie\u0161saist\u0113, un kl\u0101tienei adres\u0113to programmu n\u0101c\u0101s b\u016btiski p\u0101rveidot. Pirmais semin\u0101rs p\u0101rsteidza ar lielo dal\u012bbnieku skaitu \u2013 vair\u0101k nek\u0101 40 cilv\u0113ki, oho! Un tas spilgti liecin\u0101ja par lielo interesi piedal\u012bties demokr\u0101tijas procesos, uzzin\u0101t jaunas metodes, dzird\u0113t st\u0101stus par labajiem piem\u0113riem. Un, galvenok\u0101rt, iepaz\u012bties ar citiem akt\u012bvajiem kopienu cilv\u0113kiem. Izdar\u012bj\u0101m visu \u2013 lekcijas klaus\u012bj\u0101mies, diskut\u0113j\u0101m, sp\u0113les demonstr\u0113j\u0101m, izstr\u0101d\u0101j\u0101m idejas l\u012bdzdal\u012bbas bud\u017eeta iniciat\u012bv\u0101m, un kaisl\u012bgi balsoj\u0101m. Par operat\u012bvu l\u012bdzdal\u012bbu, reakciju uz main\u012bgo situ\u0101ciju un svaigiem risin\u0101jumiem pas\u0101kumu norises laik\u0101 noteikti lielais paldies j\u0101saka Kr\u0101slavas partner\u012bbas koordinatorei Zanei Lo\u010dmelei!<\/p>\n\n\n\n<p>N\u0101kamaj\u0101 ned\u0113\u013c\u0101 dev\u0101mies uz Prei\u013cu un L\u012bv\u0101nu novadiem, kur tom\u0113r bija atrastas iesp\u0113jas semin\u0101ru norisei kl\u0101tien\u0113, iev\u0113rojot visus sp\u0113k\u0101 eso\u0161os ierobe\u017eojumus. \u0100ra teritorij\u0101s, un viss! M\u0113s gribam satikt dz\u012bvus cilv\u0113kus, lai tur vai kas. Datorus n\u0113, prezent\u0101cijas n\u0113, sarun\u0101jamies! J\u0101teic, \u0161\u0101ds piedz\u012bvojums mums, pat k\u0101 pieredz\u0113ju\u0161\u0101m semin\u0101ru vad\u012bt\u0101j\u0101m, bija patiesi iespaid\u012bgs. Semin\u0101rs L\u012bv\u0101nos norisin\u0101j\u0101s pils\u0113tas stadion\u0101, un t\u0101 auditorija \u2013 kundzes sudraba gados. Mazliet v\u0113ja un caurv\u0113ja, mazliet sporta treni\u0146u fon\u0101, tom\u0113r nekas nesp\u0113ja izjaukt pas\u0101kuma norisi. N\u0101kamais semin\u0101rs \u2013 pie Smelteru akt\u012bv\u0101s kopienas, kuras centr\u0101 ir skola. Skolot\u0101ji, pieredz\u0113ju\u0161i NVO darbinieki, no kuriem nemaz negrib\u0113j\u0101s \u0161\u0137irties. Tom\u0113r tas bija j\u0101dara,&nbsp; jo m\u016bs jau gaid\u012bja Riebi\u0146os. Ko tad te redz\u0113sim? J\u0101 \u2013 milz\u012bga sporta halle un vidusskolas vecuma jaunie\u0161i. Citas metodes, citi materi\u0101li, cits sarunas veids. Izmantojot vides pied\u0101v\u0101jumu, dialoga sp\u0113li sp\u0113l\u0113j\u0101m uz vingro\u0161anas matra\u010diem, un tas atdz\u012bvin\u0101ja pat tos skol\u0113nus, kuri uz pas\u0101kumu bija ieradu\u0161ies, jo \u201eskolot\u0101ja lika.\u201d<\/p>\n\n\n\n<p>M\u0101jupce\u013c\u0101 uz S\u0113liju ce\u013camies ar p\u0101rceltuvi. Lietus, negaiss, Daugav\u0101 sp\u0113c\u012bgi vi\u013c\u0146i. \u0160\u0137iet, ka otru krastu nesasniegsim. Dom\u0101jam &#8211; ko tad var\u0113tu pied\u0101v\u0101t n\u0101kam\u0101 ned\u0113\u013ca? Nu, v\u0113l m\u0113s neesam run\u0101ju\u0161as nevien\u0101 sakr\u0101laj\u0101 telp\u0101, bazn\u012bc\u0101 vai taml\u012bdz\u012bgi.<\/p>\n\n\n\n<p>J\u0101, un tie\u0161i to ar\u012b p\u0113d\u0113j\u0101 semin\u0101ru cikla ned\u0113\u013ca pied\u0101v\u0101ja! L\u012bksnas pagast\u0101 pie atjauno\u0161anas stadij\u0101 eso\u0161as mui\u017eas kapellas. Zem kapellas kapenes ar vis\u0101m z\u0101rku ni\u0161\u0101m. Ni\u0161as gan tuk\u0161as. \u0100ra lapen\u0113 sapulc\u0113ju\u0161\u0101s kundzes no L\u012bksnas un N\u012bcgales. Ak, tik sen neesam satiku\u0161\u0101s, un t\u0101s Aizdaugavas meitenes gribam satikt, un parun\u0101t, ko tad dar\u012bt r\u012bt, ko jaunned\u0113\u013c. Paskat, k\u0101ds mums L\u012bksnas parks( un tas patie\u0161\u0101m ir uzman\u012bbas v\u0113rts), paskat, k\u0101da kapella. Tie\u0161i zin\u0101\u0161anas, k\u0101 pareizi dar\u012bt t\u0101l\u0101k, tie\u0161i t\u0101s mums ir vajadz\u012bgas! L\u012bksn\u0101 mums akt\u012bva iedz\u012bvot\u0101ju kopa, kas jaud\u012bgi darbojas. N\u012bcgalietes gan v\u0113l mekl\u0113 veidus, k\u0101 savu ciematu aktiviz\u0113t.<\/p>\n\n\n\n<p>K\u0101das vides semin\u0101riem v\u0113l ir iesp\u0113jamas?<\/p>\n\n\n\n<p>Sveicieni, saka Silene \u2013 semin\u0101rs norisin\u0101sies p\u013cavi\u0146\u0101 pie vakcin\u0101cijas centra! Centrs iek\u0101rtots Silenes skol\u0101, tom\u0113r tas pie\u0161\u0137i\u013c \u012bsti laikmet\u012bgu dzirksti \u0161ai sarunai. Silenes, Skrudalienas d\u0101mas jau ir pieredz\u0113ju\u0161as kopienu un NVO aktivit\u0101t\u0113s, kop\u0101 darbojas gan pagastu p\u0101rvaldes, gan sabiedr\u012bbas p\u0101rst\u0101vji, gan skola. \u0160eit centr\u0101lo probl\u0113mu sag\u0101d\u0101 vienotas inform\u0101cijas tr\u016bkums par NVO pieejamajiem resursiem, projektu konkursiem. Un valodas barjera ir pietiekami liela. Mums ir gr\u016bti uzrakst\u012bt. \u0160\u0137iet, ka tas nav mums&#8230;Protams, jebkuram no mums b\u016btu gr\u016bti uzrakst\u012bt projektu sve\u0161valod\u0101! Ta\u010du t\u0101d\u0113\u013c past\u0101v sav\u0113jie \u2013 ja ne \u0161aj\u0101, tad kaimi\u0146u kopien\u0101 noteikti b\u016bs k\u0101ds, kur\u0161 k\u013c\u016bdas iz\u0137ers un pareizos formul\u0113jumus korekt\u0101 valod\u0101 ieteiks.<\/p>\n\n\n\n<p>Dev\u012btais, nosl\u0113guma semin\u0101rs, ir k\u0101 silta rabarberu pl\u0101tsmaize. \u0160edere. Pla\u0161s un m\u012bl\u012bgs b\u0113rnu rota\u013cu laukums upes ielok\u0101. Smar\u017eo kalmes, up\u0113 gulbju p\u0101ris. Skatu uz ieli\u0146u nosedz Kult\u016bras nama un bibliot\u0113kas v\u0113sturisk\u0101 \u0113ka. Kult\u016bras nama vad\u012bt\u0101ja Rita, biliotek\u0101re Ruta, jaunatnes lietu speci\u0101liste A\u013cona, pagasta p\u0101rvaldnieks. Visas pagasta \u201eatsl\u0113gas personas\u201d \u2013 dzi\u013ci ieinteres\u0113tas savas vietas att\u012bst\u012bb\u0101. Un&nbsp; \u0161\u0101das tik\u0161an\u0101s rada gan patiesa gandar\u012bjuma izj\u016btu, gan jaunas idejas. Re, Kult\u016bras nama \u0113kas otrais st\u0101vs ir tuk\u0161s un neremont\u0113ts, k\u0101da izst\u0101\u017eu z\u0101le tur b\u016btu! Un ne tikai izst\u0101\u017eu z\u0101le \u2013 Rado\u0161\u0101 rezidence, ne maz\u0101k. Iedom\u0101jieties, k\u0101ds skats uz upi no otr\u0101 st\u0101va logiem&#8230;m\u0101kslinieki gar\u0101 rind\u0101 st\u0101v\u0113s uz \u0160ederes rezidenci.<\/p>\n\n\n\n<p>\u0160aj\u0101 dien\u0101 vairs nav j\u0101steidzas, un \u0160ederes siltumu izbaud\u0101m nesteidz\u012bgi, savelkot kop\u0101 visa dev\u012btnieka iespaidus. Nebrauc\u0101m k\u0101 apmaks\u0101ti projekta lektori, kaut ar\u012b \u2013 liels paldies par \u0161o iesp\u0113ju! Brauc\u0101m k\u0101 sav\u0113jie pie sav\u0113jiem. Run\u0101t par svar\u012bg\u0101m liet\u0101m. Par dz\u012bvi un t\u0101s att\u012bst\u012bbu. Par to, ko m\u0113s varam paveikt katrs sav\u0101 ciemat\u0101 un visi kop\u0101. Rad\u012bt kop\u012bbas un aizmugures saj\u016btu. Dienvidlatgal\u0113 noteikti var. ES varu. M\u0112S varam. Kur\u0161 tad cits v\u0113l te b\u016bs tas var\u0113t\u0101js?<\/p>\n\n\n\n<p class=\"has-text-align-right\"><em>Ieva J\u0101tniece<\/em><\/p>\n\n\n\n<h2 class=\"wp-block-heading\"><strong>Pilsonisk\u0101 l\u012bdzdal\u012bba Dienvidlatgales teritorij\u0101<\/strong><\/h2>\n\n\n\n<p>Ar iedz\u012bvot\u0101ju viedok\u013cu apkopojumu par pilsonisko l\u012bdzdal\u012bbu var iepaz\u012bties te: <\/p>\n\n\n\n<div class=\"wp-block-file\"><a id=\"wp-block-file--media-96245fd8-6c47-4840-87bc-a71d4d55414c\" href=\"https:\/\/daugavpils.partneribas.lv\/wp-content\/uploads\/2022\/03\/ES_varu_aptauju_kopsavilkums_FIN_2022.docx\">ES_varu_aptauju_kopsavilkums_FIN_2022<\/a><a href=\"https:\/\/daugavpils.partneribas.lv\/wp-content\/uploads\/2022\/03\/ES_varu_aptauju_kopsavilkums_FIN_2022.docx\" class=\"wp-block-file__button\" download aria-describedby=\"wp-block-file--media-96245fd8-6c47-4840-87bc-a71d4d55414c\">Lejupiel\u0101d\u0113t<\/a><\/div>\n\n\n\n<h2 class=\"wp-block-heading\">Aicin\u0101m jaunie\u0161us uz apm\u0101c\u012bb\u0101m &#8220;ATV\u0112RT CITAS DURVIS&#8221; <\/h2>\n\n\n\n<p>Lai nov\u0113rstu emocion\u0101lo izdeg\u0161anu akt\u012bv\u0101kajiem jaunie\u0161iem, kas darbbojas lauku kopien\u0101s aicin\u0101m pieteikties divu dienu apm\u0101c\u012bb\u0101m \u201cAtv\u0113rt citas durvis\u201d.<\/p>\n\n\n\n<p><strong>APM\u0100C\u012aBU LAIK\u0100 IEG\u016aSIET:<\/strong><\/p>\n\n\n\n<p>Sp\u0113ju rad\u012bt labu pa\u0161t\u0113lu un uztur\u0113t to, jo tas \u013cauj r\u012bkoties dro\u0161i, parliecino\u0161i un bez liekas iek\u0161\u0113j\u0101s \u0161aub\u012b\u0161an\u0101s. Tas \u013cauj bez vilcin\u0101\u0161anas izv\u0113l\u0113ties un uz\u0146emties pien\u0101kumus, kurus katrs no mums ir spej\u012bgs veikt, un atteikties no t\u0101diem pien\u0101kumiem, kas nav m\u016bsu sp\u0113kos, t\u0101d\u0113\u013c neizj\u016btot ne vainu, ne mazv\u0113rt\u012bbu.<\/p>\n\n\n\n<p><strong>APM\u0100C\u012aBAS VAD\u012aS:<\/strong><\/p>\n\n\n\n<p>Profesion\u0101ls treneris no Norv\u0113\u0123ijas Henric Johansson<\/p>\n\n\n\n<p>Profesion\u0101la trenere Ieva Johansson<\/p>\n\n\n\n<p><strong>APM\u0100CIBAS NOTIKS:<\/strong><\/p>\n\n\n\n<p>2021. gada <strong>11.-12. septembr\u012b <\/strong>viesu m\u0101j\u0101 \u201c<strong>Lejasmalas<\/strong>\u201d, Kr\u0101lslavas novads, Aulejas pagasts, \u0160\u0137ipi.<\/p>\n\n\n\n<p><strong>PIETEIK\u0160AN\u0100S:<\/strong><\/p>\n\n\n\n<p>Pieteik\u0161an\u0101s oblig\u0101ta l\u012bdz 2021. gada 27. augustam nor\u0101dot v\u0101rdu, uzv\u0101rdu, koktaktinform\u0101ciju un p\u0101rst\u0101v\u0113to lauku kopienu vai organiz\u0101ciju. Rakstot uz e-pastu <a href=\"mailto:mudite.kiselova@gmail.com\">mudite.kiselova@gmail.com<\/a><\/p>\n\n\n\n<p>P\u0113c pieteikuma sa\u0146me\u0161anas dal\u012bbniekeim tiks izs\u016bt\u012bta organizatoriska informacija un apm\u0101c\u012bbu darba k\u0101rt\u012bba<\/p>\n\n\n\n<p><strong>KAS VAR PIETEIKTIES:<\/strong><\/p>\n\n\n\n<p>Akt\u012bvi jaunie\u0161i, kas darbojas viet\u0113j\u0101s lauku kopien\u0101s, kas sasniegu\u0161i 18 gadu vecumu.<\/p>\n\n\n\n<p>Apmac\u012bb\u0101s var\u0113s piedal\u012bties vakcin\u0113ti, izslimoju\u0161i COVID-19 vai der\u012bgs negat\u012bvs covid tests jaunie\u0161iem.<\/p>\n\n\n\n<p><strong>M\u0112S NODRO\u0160INAM:<\/strong><\/p>\n\n\n\n<p>Apm\u0101c\u012bbu norisi, uztur\u0113\u0161anos un \u0113din\u0101\u0161anu.<\/p>\n\n\n\n<h2 class=\"wp-block-heading\"><strong>Drosme atv\u0113rt citas durvis<\/strong><\/h2>\n\n\n\n<p>\u0160\u012b gada 11.-12. septembr\u012b jaunie\u0161i tik\u0101s divu dienu apm\u0101c\u012bb\u0101s \u201cAtv\u0113rt citas durvis\u201d par sevis pilnveido\u0161anu un pilsonisko l\u012bdzdal\u012bbu. Kop\u0101 pulc\u0113j\u0101s 15 dal\u012bbnieki no Kr\u0101slavas, Aug\u0161daugavas un Prei\u013cu novadiem, lai izprastu, k\u0101 mijiedarbojas motiv\u0101cija dar\u012bt un darba rezult\u0101ts, cik sadarb\u012bbas veido\u0161an\u0101 ir svar\u012bgas komunik\u0101cijas prasmes un k\u0101 katra iek\u0161\u0113jie resursi un dom\u0101\u0161anas veids ietekm\u0113 cilv\u0113ka lomu sabiedr\u012bb\u0101.<\/p>\n\n\n\n<p>Apm\u0101c\u012bbas vad\u012bja dom\u0101\u0161anas vad\u012b\u0161anas eksperts Henric Johansson (no Norv\u0113\u0123ijas) un neform\u0101l\u0101s izgl\u012bt\u012bbas un sadarb\u012bbas trenere Ieva Johansson (no Latvijas). Lektori caur neform\u0101l\u0101s izgl\u012bt\u012bbas metod\u0113m deva jaunie\u0161iem prasmes un zin\u0101\u0161anas komunik\u0101cij\u0101, motiv\u0101cij\u0101 un sevis izzin\u0101\u0161an\u0101 caur pilsonisk\u0101s l\u012bdzdal\u012bbas un demokr\u0101tijas kult\u016bras prizmu. T\u0101d\u0101 veid\u0101 jaunie\u0161iem da\u017ebr\u012bd neintreres\u0113jo\u0161as, garlaic\u012bgas lietas un notikumus pasniedzot aizraut\u012bgi un atrakt\u012bvi.<\/p>\n\n\n\n<p>Pas\u0101kuma nosl\u0113gum\u0101 jaunie\u0161i atzina, ka apm\u0101c\u012bbas main\u012bja domas pa\u0161iem par sevi un \u013c\u0101va ieskat\u012bties savos komunik\u0101cijas veidos ar apk\u0101rt\u0113jiem cilv\u0113kiem. Rad\u0101s izpratne par to, ka komunik\u0101cija ir atsl\u0113ga jebkurai sadarb\u012bbas veido\u0161anai vai iessaistei notikumos, lai kaut ko main\u012bt sav\u0101 dz\u012bves viet\u0101.<em><\/em><\/p>\n\n\n\n<p>Apm\u0101c\u012bbas \u201cAtv\u0113rt citas durvis\u201d notika Eiropas Ekonomikas zonas (EEZ) un Norv\u0113\u0123u grantu programmas \u201cAkt\u012bvo iedz\u012bvot\u0101ju fonds\u201d projekta \u201cEs Dienvidltagal\u0113 varu\u201d ietvaros. &nbsp;Projekts ilgs l\u012bdz 2022. gada septembim, t\u0101p\u0113c aktu\u0101lajai inform\u0101cijai par projekta aktivit\u0101t\u0113m var sekot biedr\u012bbas \u201cDaugavpils un Il\u016bkstes novadu partner\u012bba \u201eKaimi\u0146i\u201d\u201d, biedr\u012bbas \u201cKr\u0101slavas rajona partner\u012bba\u201d un biedr\u012bbas \u201cPrei\u013cu rajona partner\u012bba\u201d m\u0101jas lap\u0101s. Visas projekta aktivit\u0101tes notiek bezmaksas un taj\u0101s var piedal\u012bties jebkur\u0161 lauku un pils\u0113tas iedz\u012bvot\u0101js bez vecuma ierobe\u017eojumiem.<\/p>\n\n\n\n<p class=\"has-text-align-right\">Ieva J\u016bhansone<\/p>\n\n\n\n<h2 class=\"wp-block-heading\"><strong>Diskusija ar politi\u0137iem Dienvidlatgal\u0113 \u201cV\u0101rds Laukiem\u201d<\/strong><\/h2>\n\n\n\n<p>Lai motiv\u0113tu Dienvidlagales iedz\u012bvot\u0101jus iesaist\u012bties pilsonisk\u0101s sabiedr\u012bbas aktivit\u0101t\u0113s un veidotu izpratni par l\u0113mumu pie\u0146em\u0161anu un l\u012bdzdal\u012bbas rezult\u0101tiem, Daugavpils un Il\u016bkstes novadu partner\u012bba \u201cKaimi\u0146i\u201d aicina novada nevalstisk\u0101s organiz\u0101cijas un akt\u012bvos iedz\u012bvot\u0101jus uz kop\u012bgu diskusiju ar novada deput\u0101tiem.<\/p>\n\n\n\n<p>Diskusijas notiks:<\/p>\n\n\n\n<ul class=\"wp-block-list\"><li><strong>3.mart\u0101 <\/strong>Kr\u0101slavas kult\u016bras centr\u0101 ar Kr\u0101slavas novada deput\u0101tiem<strong> <\/strong><\/li><li><strong>9. mart\u0101 <\/strong>Aug\u0161daugavas novada kult\u016bras centr\u0101 \u201cV\u0101rpa\u201d (Dobeles iel\u0101 30, Daugavpil\u012b) ar Aug\u0161daugavas novada deput\u0101tiem<\/li><li><strong>9.mart\u0101 <\/strong>L\u012bv\u0101nu uz\u0146\u0113m\u0113jdarb\u012bbas centr\u0101 ar L\u012bv\u0101nu novada deput\u0101tiem <\/li><li><strong>10.mart\u0101 <\/strong>Prei\u013cu novada kult\u016bras centr\u0101 ar Prei\u013cu novada deput\u0101tiem<strong>. <\/strong><\/li><\/ul>\n\n\n\n<p>Diskusiju vad\u012bs pieredz\u0113jis moderators un pilsonisk\u0101s sabiedr\u012bbas akt\u012bvists \u0100ris \u0100dlers.&nbsp; Vi\u0146\u0161 ir vietu att\u012bst\u012bbas speci\u0101lists, kur\u0161 iest\u0101jas par iek\u013caujo\u0161u att\u012bst\u012bbu, kas paredz past\u0101v\u012bga dialoga uztur\u0113\u0161anu starp iedz\u012bvot\u0101jiem un pa\u0161p\u0101rvaldi. \u0100rim ir praktiska pieredze sabiedr\u012bbas l\u012bdzdal\u012bbas jaut\u0101jumos pa\u0161vald\u012bbu un Eiropas l\u012bmen\u012b.&nbsp;<strong><\/strong><\/p>\n\n\n\n<h2 class=\"wp-block-heading\"><strong>\u201cV\u0101rds laukiem\u201d Kr\u0101slav\u0101, Aug\u0161daugav\u0101, L\u012bv\u0101nos un Prei\u013cos<\/strong><\/h2>\n\n\n\n<p>Akcenti, secin\u0101jumi.<\/p>\n\n\n\n<p>Izpratne par l\u012bdzdal\u012bbu katr\u0101 novad\u0101 ir saist\u012bta ar ilgu gadu piekopt\u0101m, nepierakst\u012bt\u0101m trad\u012bcij\u0101m pa\u0161vald\u012bbas un iedz\u012bvot\u0101ju saiknes veido\u0161an\u0101 un komunik\u0101cijas nodro\u0161in\u0101\u0161an\u0101.&nbsp; Diskusiju dal\u012bbnieki no Pa\u0161vald\u012bbas politi\u0137u puses bija tie, kas jau regul\u0101ri uztur komunik\u0101ciju ar iedz\u012bvot\u0101jiem un NVO, bet no iedz\u012bvot\u0101ju puses bija akt\u012bv\u0101kie cilv\u0113ki, kuriem jau ir lab\u0101ka vai slikt\u0101ka darb\u012bbas pieredze biedr\u012bb\u0101s vai l\u012bdzdal\u012bbas procesos.&nbsp; Dienvidlatgales novadu situ\u0101cija daudz neat\u0161\u0137iras no kop\u0113j\u0101s Latvijas situ\u0101cijas lauku teritorij\u0101s. Daudzas biedr\u012bbas faktiski darbojas savu vai pla\u0161\u0101kas sabiedr\u012bbas interes\u0113s un saikni ar pa\u0161vald\u012bbu un politi\u0137iem veido, mekl\u0113jot gan mor\u0101lu, gan resursu atbalstu savai darb\u012bbai vai sabiedrisk\u0101 labuma aktivit\u0101t\u0113m, ko t\u0101s veic vai pl\u0101no veikt. \u0160aj\u0101 jom\u0101 sadarb\u012bba ar nevalstiskaj\u0101m organiz\u0101cij\u0101m veidojas pietiekami laba, jo liel\u0101k\u0101 da\u013ca politi\u0137u redz j\u0113gpilnu biedr\u012bbu darb\u012bbu un pienesumu novadu vitalit\u0101tes nodro\u0161in\u0101\u0161anai. Novadi, kuros notiku\u0161as diskusijas, rakstur\u012bgi ar to, ka k\u0101ds no politi\u0137iem pats darbojas k\u0101d\u0101 biedr\u012bb\u0101 vai ar\u012b savu soci\u0101lo aktivit\u0101ti \u012bstenojis biedr\u012bb\u0101. Tie\u0161i \u0161\u012b situ\u0101cija rad\u012bjusi \u013coti integr\u0113tu sadarb\u012bbas formu, kur bie\u017ei vien biedr\u012bbu centieni sakr\u012bt ar vietvaras politi\u0137u politiskajiem m\u0113r\u0137iem novad\u0101.<\/p>\n\n\n\n<p>Politi\u0137u un iedz\u012bvot\u0101ju tuv\u012bba (maza distance) rada iesp\u0113ju, ka iedz\u012bvot\u0101ji sal\u012bdzino\u0161i vienk\u0101r\u0161i var uzrun\u0101t savus priek\u0161st\u0101vjus un paust viedokli, probl\u0113mu vai ideju. Liel\u0101kais izaicin\u0101jums visur ir saist\u012bts ar akt\u012bvo kopienu sp\u0113ju nevis konstat\u0113t probl\u0113mas, bet \u0123ener\u0113t idejas un t\u0101s virz\u012bt \u012bsteno\u0161anai caur pa\u0161vald\u012bbu (iz\u0146emot neliela apjoma iniciat\u012bvas). Sadarb\u012bba ar pa\u0161vald\u012bbu liel\u0101 m\u0113r\u0101 tiek interpret\u0113ta k\u0101 s\u016bdz\u012bbu izskat\u012b\u0161ana un probl\u0113mu risin\u0101\u0161ana, kur biedr\u012bbas konstat\u0113 situ\u0101ciju un v\u0113r\u0161as pa\u0161vald\u012bb\u0101 ar l\u016bgumu uzlabot situ\u0101ciju. Tikai da\u017eas biedr\u012bbas ir \u013coti patst\u0101v\u012bgas un ir gatavas pa\u0161as \u012bstenot savas idejas un ieceres, no pa\u0161vald\u012bbas prasot tikai, piem\u0113ram, l\u012bdzfinans\u0113jumu.<\/p>\n\n\n\n<p>\u0145emot v\u0113r\u0101 strauju iedz\u012bvot\u0101ju skaita samazin\u0101\u0161anos Latgal\u0113, p\u0113d\u0113jo desmit gadu laik\u0101, ar\u012b nevalstisko organiz\u0101ciju dal\u012bbnieki izj\u016bt akt\u012bvu, pilsoniski ieinteres\u0113tu un atbild\u012bgu iedz\u012bvot\u0101ju tr\u016bkumu. Lauku teritorij\u0101s tr\u016bkst jaunu (t.sk. jaunie\u0161u) l\u012bderu, kas iesaist\u012btos pilsonisk\u0101s l\u012bdzdal\u012bbas jaut\u0101jumus, rosin\u0101tu m\u016bsdien\u012bgas, inovat\u012bvas ieceres.<\/p>\n\n\n\n<p>Notiku\u0161o diskusiju pienesums novadu demokr\u0101tiskajiem procesiem saist\u012bts ar kop\u012bgu akt\u012bvo iedz\u012bvot\u0101ju un pa\u0161vald\u012bbas p\u0101rst\u0101vju vieno\u0161anos, ka pilsonisk\u0101 iniciat\u012bva un diskusiju kult\u016bra ir b\u016btiska p\u0101rdom\u0101tai vietu att\u012bst\u012bbai.&nbsp; Diskusiju laik\u0101 bija iesp\u0113jams atjaunin\u0101t, iesp\u0113jams, sen aizmirstas metodes, cilv\u0113ku iesaistes veicin\u0101\u0161anai: apzin\u0101t, atbalst\u012bt l\u012bderus, individu\u0101la pieeja, kop\u012bgu pas\u0101kumu r\u012bko\u0161ana, da\u017e\u0101du iedz\u012bvot\u0101ju grupu aktiviz\u0113\u0161ana utt. Svar\u012bgi ar\u012b atz\u012bm\u0113t t\u0101s lietas, kur politi\u0137i ir k\u0101 deput\u0101ti un kur k\u0101 darbinieki. Diskusiju norise novados t\u0101 ir kop\u0113ja vajadz\u012bba, lai sadzird\u0113t vienam otru un veidot sadarb\u012bbu viet\u0113jo iedz\u012bvot\u0101ju dz\u012bves kvalit\u0101tes uzlabo\u0161anai.<\/p>\n\n\n\n<p>B\u016btiski veidot demokr\u0101tiskos procesus un diskusiju pieredzi caur konkr\u0113tu jomu iniciat\u012bv\u0101m: uz\u0146\u0113m\u0113jdarb\u012bbas centriem, kult\u016bras centriem, sporta komand\u0101m utt. \u0160\u0101da pieeja pal\u012bdz\u0113s veicin\u0101t ne tikai veiksm\u012bg\u0101ka dialoga veido\u0161anu ar viet\u0113jo politisko varu, bet ar\u012b risin\u0101t soci\u0101las dabas jaut\u0101jumus un mazin\u0101t glob\u0101lu notikumu ietekmi uz indiv\u012bdu Dienvidlatgal\u0113.<\/p>\n\n\n\n<p>Diskusiju dal\u012bbniekiem, \u012bpa\u0161i \u0161aj\u0101 post Covid laik\u0101, bija iesp\u0113ja beidzot vienam otru ieraudz\u012bt un sadzird\u0113t abu pu\u0161u centienus un nodomus. Novadu politisko dz\u012bvi un soci\u0101lo dz\u012bvi nosaka ne tikai pa\u0161vald\u012bb\u0101s notieko\u0161ais, bet ar\u012b nacion\u0101li procesi, kas no vienas puses ietekm\u0113 \u2013 veicina vai kav\u0113, un da\u017e\u0101di nevalstisko organiz\u0101ciju atbalsta un l\u012bdzdal\u012bbas instrumenti, kas pal\u012bdz veicin\u0101t akt\u012bvu un pa\u0161\u0123ener\u0113jo\u0161u kopienu veido\u0161anos un att\u012bst\u012bbu.<\/p>\n\n\n\n<p class=\"has-text-align-right\">\u0100ris \u0100dlers<\/p>\n\n\n\n<h2 class=\"wp-block-heading\">&#8220;\u0122imenes d\u0101rza sv\u0113tki ar sarun\u0101m par pilsonisko sabiedr\u012bbu&#8221;<\/h2>\n\n\n\n<p><strong>\u0160\u012b gada 6.august\u0101 no plkst. 13:00 l\u012bdz plkst. 17:00 b\u016bsiet gaid\u012bts viesis \u0122imenes d\u0101rza sv\u0113tkos Ambe\u013cos pie Latgalie\u0161u trad\u012bciju m\u0101jas \u201cSkreine\u201d (Parka iela 16, Ambe\u013ci, Aug\u0161daugavas novads).&nbsp;<\/strong><\/p>\n\n\n\n<p>Rado\u0161\u0101 un darb\u012bg\u0101 atmosf\u0113r\u0101 ikviens dal\u012bbnieks var\u0113s piedal\u012bties da\u017e\u0101d\u0101s aktivit\u0101t\u0113s. Darbosies b\u0113rnu rota\u013cu st\u016br\u012btis. Notiks meistarklases. B\u0113rni var\u0113s izveidot s\u0113klu mandalu, karodzi\u0146u virtenes, gleznot smil\u0161u gleznas un iem\u0101c\u012bties pagatavot gar\u0161\u012bgu sald\u0113juma kokteili. B\u016bs ar\u012b momentfoto pietura, sejas apglezno\u0161anas pietura, un apgleznot\u0101s seji\u0146as b\u0113rniem noteikti rad\u012bs milz\u012bgu prieku.<\/p>\n\n\n\n<p>Iest\u0101d\u012bsim augus, kas priec\u0113s Ambe\u013cu iedz\u012bvot\u0101jus vair\u0101kus gadus.<\/p>\n\n\n\n<p>Katram dal\u012bbniekam kafiju vai t\u0113ju un gardumi\u0146u pied\u0101v\u0101s m\u0101jas kafejn\u012bca \u201cME\u017dV\u012aNI\u201d.&nbsp;<\/p>\n\n\n\n<p>B\u016bs ar\u012b p\u0101rsteigumi un loterija.&nbsp;<\/p>\n\n\n\n<p>Mekl\u0113sim risin\u0101jumus, diskut\u0113sim k\u0101, organiz\u0113jot sabiedr\u012bbas l\u012bdzdal\u012bbas aktivit\u0101tes, efekt\u012bv\u0101k sekm\u0113t iedz\u012bvot\u0101ju l\u012bdziesaisti pagasta un novada att\u012bst\u012bbas procesos.&nbsp; K\u0101 \u013cauties rado\u0161umam un nebaid\u012bties dar\u012bt!<\/p>\n\n\n\n<p>Uz diskusij\u0101m aicin\u0101s:<\/p>\n\n\n\n<p>Dana Lahtionova \u2013 k\u0101 laukos veidot pilsoniski akt\u012bvu vidi. Praktiska darbn\u012bca savu&nbsp; resursu apzin\u0101\u0161anai;<\/p>\n\n\n\n<p>Ilze Me\u017einiece \u2013 \u0123imenes l\u012bdzdal\u012bba k\u0101 kopienas att\u012bst\u012bbas pamats \u2013 saruna par \u0123imenes noz\u012bmi cilv\u0113ka l\u012bdzdal\u012bbas motiv\u0113\u0161an\u0101;<\/p>\n\n\n\n<p>Aleksandrs Lahtionovs \u2013&nbsp; m\u0113r\u0137i un to sasnieg\u0161ana \u2013 k\u0101 b\u016bt resurs\u0101. N\u016bjo\u0161anas darbn\u012bca.&nbsp;<\/p>\n\n\n\n<p>Par savu l\u012bdzdal\u012bbas pieredzi un aktivit\u0101t\u0113m aicin\u0101ti st\u0101st\u012bt ar\u012b Ambe\u013cu mednieki \u2013 vad\u012bt\u0101js Egils R\u016bti\u0146\u0161, biedr\u012bbas \u201cJubra\u201d vad\u012bt\u0101ja Juta Valaine, biedr\u012bba \u201cZa\u013c\u0101 kr\u016bze\u201d \u2013 Jolanta B\u0101ra un pirtniece Dzintra Abarone.&nbsp;&nbsp;<\/p>\n\n\n\n<p>Lietus gad\u012bjum\u0101 pas\u0101kums tiks r\u012bkots Ambe\u013cu mednieku nami\u0146\u0101.<\/p>\n\n\n\n<p>D\u0101rza sv\u0113tki notika ar\u012b Smelteros Prei\u013cu novad\u0101 4.j\u016bnij\u0101 Izvalt\u0101, Kr\u0101slavas novad\u0101 30.j\u016blij\u0101&nbsp;<\/p>\n\n\n\n<p>Pas\u0101kumu nodro\u0161ina un organiz\u0113 biedr\u012bba \u201cDaugavpils un Il\u016bkstes novadu partner\u012bba \u201cKaimi\u0146i\u201d\u201d, \u201cKr\u0101slavas m\u0101mi\u0146u klubs\u201d, biedr\u012bba \u201cKr\u0101slavas rajona partner\u012bba\u201d un &nbsp;&nbsp;biedr\u012bba \u201cPrei\u013cu rajona partner\u012bba\u201d.<\/p>\n\n\n\n<p><\/p>\n\n\n\n<p><\/p>\n\n\n\n<h2 class=\"wp-block-heading\">\u0122IMENES D\u0100RZA SV\u0112TKI 2022<\/h2>\n\n\n\n<p>\u0122imenes d\u0101rz\u0101 sv\u0113tki piepild\u012bja \u0161o vasaru ar aizraujo\u0161iem un m\u0101j\u012bgiem notikumiem Smelteros, Izvalt\u0101 un Ambe\u013cos. Tr\u012bs novadu ciemos iedz\u012bvot\u0101ji tik\u0101s, lai iedvesmotos akt\u012bv\u0101kai darb\u012bbai sav\u0101 ciem\u0101, novad\u0101 un valst\u012b, lai kop\u012bgi m\u0101c\u012btos jaunas prasmes k\u0101 sekm\u0113t pilsonisko l\u012bdzdal\u012bbu, lai diskut\u0113tu par jau padar\u012bto un&nbsp; to, k\u0101das aktivit\u0101tes var veicin\u0101t sabiedr\u012bbas interesi un v\u0113lmi darboties savas kopienas lab\u0101. Un, protams, sv\u0113tkos kop\u0101 piedal\u012bties meistarklas\u0113s, priec\u0101ties un labi pavad\u012bt laiku. &nbsp;D\u0101rza sv\u0113tku pied\u0101v\u0101tais form\u0101ts \u2013 br\u012bvdabas sv\u0113tki ar diskusij\u0101m, darbn\u012bc\u0101m, atrakcij\u0101m b\u0113rniem, cienastu (kafejn\u012bcu) un m\u016bziku \u2013 cilv\u0113kiem \u013coti iepatik\u0101s, iedz\u012bvot\u0101ji sv\u0113tkos jut\u0101s br\u012bvi, l\u012bdzdarboj\u0101s, baud\u012bja kop\u0101 b\u016b\u0161anu un sarunas ar ret\u0101k satiktajiem pazi\u0146\u0101m, diskut\u0113ja par l\u012bdzdal\u012bbu sabiedriskajos procesos, jo pa\u0161i jut\u0101s l\u012bdzdal\u012bgi. Bie\u017ei vien tas papildin\u0101ja pagasta sv\u0113tkus un notika dienu pirms kapusv\u0113tkiem, kas Latgal\u0113 ir tradicion\u0101ls vasaras notikums, kas pulcina tuv\u0101kus un t\u0101l\u0101kus radus.<\/p>\n\n\n\n<p>D\u0101rza sv\u0113tku pirmais notikums bija Prei\u013cu novad\u0101, kur\u0101 dal\u012bbnieki iepazin\u0101s viens ar otru un izsp\u0113l\u0113ja saj\u016btu, k\u0101 ir \u201cb\u016bt kop\u0101\u201d gan iesaisto\u0161\u0101 sadarb\u012bbu veicino\u0161\u0101 sp\u0113l\u0113, gan kop\u012bg\u0101 n\u016bjo\u0161an\u0101, gan pu\u0137u st\u0101d\u012b\u0161an\u0101. Kr\u0101slavas novada Izvalt\u0101 sv\u0113tki bija pla\u0161i apmekl\u0113ti, iedz\u012bvot\u0101ji \u013coti lepojas ar sava pagasta akt\u012bvo iedz\u012bvot\u0101ju paveikto, labpr\u0101t iesaist\u012bj\u0101s aktivit\u0101t\u0113s un skaist\u0101 vid\u0113 baud\u012bja skaistu dienu. Aug\u0161daugavas novada Ambe\u013cos sv\u0113tki rit\u0113ja pavisam m\u0101j\u012bgi, neskatoties uz to, ka vien\u0101 br\u012bd\u012b s\u0101k\u0101s lietusg\u0101ze un t\u0101lum\u0101 draud\u012bgi ducin\u0101ja p\u0113rkons. Sv\u0113tki turpin\u0101j\u0101s Latgales trad\u012bciju m\u0101j\u0101 \u201cSkreine\u201d, bet tradicion\u0101lie dan\u010di notika mednieku m\u0101j\u0101.<\/p>\n\n\n\n<p>\u012apa\u0161i bija izdevies tas, ka sp\u0113j\u0101m iesaist\u012bt vec\u0101kus diskusij\u0101s par iedz\u012bvot\u0101ju noz\u012bmi l\u012bdzdarboties, kam\u0113r b\u0113rni baud\u012bja sv\u0113tku aktivit\u0101tes. Vecuma un dzimuma zi\u0146\u0101 apmekl\u0113t\u0101ji bija no vis\u0101m iedz\u012bvot\u0101ju grup\u0101m. \u0122eogr\u0101fiski ne tikai no viet\u0113jiem pagastiem, bet ar\u012b no t\u0101l\u0101k\u0101m Latvijas pils\u0113t\u0101m un pat no Francijas, k\u0101 ar\u012b liels gandar\u012bjums, ka sv\u0113tkos Izvalt\u0101 piedal\u012bj\u0101s septi\u0146i iedz\u012bvot\u0101ji no Ukrainas.,<\/p>\n\n\n\n<p>Dal\u012bbnieki k\u0101 pozit\u012bvu sv\u0113tku rezult\u0101tu atz\u012bm\u0113ja to, ka pagast\u0101 notiek interesants un saisto\u0161s pas\u0101kums, kas \u013cauj vi\u0146iem vienkopus satikt viet\u0113jos iedz\u012bvot\u0101jus un pagasta viesus, kuri ir tik pat ieinteres\u0113ti un aizraut\u012bgi. Tas dod iedvesmu jaunaj\u0101m idej\u0101m, k\u0101 ar\u012b \u013cauj justies k\u0101 da\u013cai no stipras un salied\u0113tas kopienas. &nbsp;P\u0101rrun\u0101t da\u017e\u0101das aktivit\u0101tes, gan tradicion\u0101las, gan modern\u0101kas un sadarboties jaunu pas\u0101kumu \u012bsteno\u0161anai.<\/p>\n\n\n\n<p>Sv\u0113tku dal\u012bbniekiem bija iesp\u0113ja nov\u0113rt\u0113t pas\u0101kumu un anket\u0101 min\u0113t aktu\u0101l\u0101k\u0101s probl\u0113mas, kuras ir vi\u0146u pagast\u0101, k\u0101 rezult\u0101t\u0101 tika min\u0113tas probl\u0113mas, kas skar ne tikai Dienvidlatgales pa\u0161vald\u012bbu pagastus, bet ar\u012b visas valsts teritoriju, ka samazin\u0101s iedz\u012bvot\u0101ju skaits, ka pagastos gr\u016bti atrast darbu, sevi\u0161\u0137i jaunie\u0161iem. K\u0101 probl\u0113ma tika min\u0113ta ar\u012b cilv\u0113ku pasivit\u0101te un inform\u0101cijas tr\u016bkums par pas\u0101kumiem, iesp\u0113j\u0101m un notikumiem.<\/p>\n\n\n\n<p>\u0122imenes d\u0101rza sv\u0113tki pier\u0101d\u012bja, &nbsp;ka nav vajadz\u012bgi lieli, grandiozi pas\u0101kumi vai v\u0113rien\u012bgi l\u012bdzek\u013ci, lai rad\u012btu iedvesmojo\u0161u atmosf\u0113ru viet\u0113jiem iedz\u012bvot\u0101jiem, kas rosina pozit\u012bvu viedok\u013cu apmai\u0146u un atzin\u012bgu nov\u0113rt\u0113jumu.<\/p>\n\n\n\n<p>Daudzi dal\u012bbnieki min\u0113ja, ka b\u016btu v\u0113lams D\u0101rza sv\u0113tku trad\u012bciju turpin\u0101t, lai bie\u017e\u0101k san\u0101ktu kop\u0101 un apmain\u012btos ar p\u0101rdom\u0101m, idej\u0101m un stiprin\u0101tu cilv\u0113ku motiv\u0101ciju. Stiprai kopienai, stipram novadam! Dienvidlatgal\u0113 m\u0113s varam!<\/p>\n\n\n\n<p><\/p>\n\n\n\n<h2 class=\"wp-block-heading\">VIEDOK\u013bU FESTIV\u0100LS \u201cES VARU\u201d<\/h2>\n\n\n\n<p><strong>Piektdien, 23. septembr\u012b Aug\u0161daugavas novada kult\u016bras centrs \u201cV\u0101rpa\u201dk\u013c\u016bs par ros\u012bgu platformu Viedok\u013cu festiv\u0101lam \u201cEs varu\u201d<\/strong>. T\u0101 m\u0113r\u0137is ir pulcin\u0101t akt\u012bv\u0101kos nevalstisko organiz\u0101ciju biedrus, lauku iedz\u012bvot\u0101jus, partner\u012bbu p\u0101rst\u0101vjus, biedrus, sadarb\u012bbas partnerus vienkopus, lai rosin\u0101tu pieredzes apmai\u0146u, kur apzin\u0101ties, ka katrs esam valsts un sabiedr\u012bbas l\u012bdzdal\u012bbai ir iz\u0161\u0137iro\u0161a noz\u012bme. Viedok\u013cu festiv\u0101l\u0101 tiks aicin\u0101ti viedok\u013cu l\u012bderi tr\u012bs noz\u012bm\u012bg\u0101s t\u0113m\u0101s, lai rosin\u0101ti, mudin\u0101tu dom\u0101t l\u012bdzi, motiv\u0113tu un rad\u012btu p\u0101rliec\u012bbu, ka katram viedoklim ir noz\u012bme.&nbsp;<strong>Dal\u012bba festiv\u0101l\u0101 ir bez maksas.<\/strong><\/p>\n\n\n\n<p><br>Festiv\u0101l\u0101 var\u0113s izteikt viedokli un akt\u012bvi l\u012bdzdarboties vai vienk\u0101r\u0161i b\u016bt kl\u0101t \u0161\u0101d\u0101s t\u0113m\u0101s:<\/p>\n\n\n\n<ol class=\"wp-block-list\"><li><em>Mediji&nbsp;<\/em>\u2013 viltus zi\u0146as un kur ir paties\u012bba? Populisms, tuk\u0161as runas, narcisisms un pak\u0101p\u0161an\u0101s uz cita pleciem p\u0113d\u0113jos gados ir k\u013cuvu\u0161as par ierast\u0101m liet\u0101m. M\u0113s dz\u012bvojam katrs sav\u0101 soci\u0101laj\u0101 burbul\u012b, tik dal\u012btas inform\u0101cijas un kategorisku viedok\u013cu pasaul\u0113, ka bie\u017ei vien vairs neprotam sarun\u0101ties \u2013 cie\u0146pilni, argument\u0113ti, uzklausot vienam otru un pie\u0146emot, ka katram viedoklim ir ties\u012bbas past\u0101v\u0113t, neatkar\u012bgi no t\u0101, vai tas sakr\u012bt ar m\u016bs\u0113jo.<\/li><li><em>Kopienu l\u012bdzdal\u012bba<\/em>. K\u0101 pal\u012bdz\u0113t politik\u0101 pie\u0146emt lab\u0101kus l\u0113mumus: b\u016bt par sanit\u0101ru sliktiem l\u0113mumiem, sabiedr\u012bbas l\u012bdzdal\u012bbu da\u017e\u0101d\u0101s form\u0101s. Viedok\u013ci un sarunas par lauku &nbsp;pilsonisk\u0101s sabiedr\u012bbas tiesisko un finansi\u0101lo vidi, k\u0101 ar\u012b sp\u0113ju b\u016bt efekt\u012bviem, atbild\u012bgiem un neatkar\u012bgiem sadarb\u012bbas partneriem, k\u0101 ar\u012b uzlabot &nbsp;sp\u0113ju veidot dialogu ar politikas veidot\u0101jiem un l\u0113mumu pie\u0146\u0113m\u0113jiem, kas atbild\u012bgi par lauku kopienu ilgtsp\u0113j\u012bgu att\u012bst\u012bbu, sekm\u0113jot \u0161o ier\u0113d\u0146u atbild\u012bbu par vi\u0146u sniegumu pilso\u0146iem un sabiedr\u012bbai kopum\u0101.<\/li><li><em>Praktiskais padomdev\u0113js<\/em>. Mana vieta Eirop\u0101. K\u0101 es varu ietekm\u0113t l\u0113mumus Eiropa? Diskusijas par eso\u0161aj\u0101m ES iesp\u0113j\u0101m un darb\u012bbu, \u013caujot saskat\u012bt dz\u012bves kvalit\u0101tes uzlabo\u0161anas un ekonomikas att\u012bst\u012bbas iesp\u0113jas, un ikviena iedz\u012bvot\u0101ja noz\u012bm\u012bbu un proakt\u012bvas r\u012bc\u012bbas b\u016btiskumu.<\/li><\/ol>\n\n\n\n<p><br>Viedok\u013cu festiv\u0101lu organiz\u0113<\/p>\n\n\n\n<ul class=\"wp-block-list\"><li>\u201cDaugavpils un Il\u016bkstes novadu partner\u012bba \u201cKaimi\u0146i\u201d\u201d,<\/li><li>Kr\u0101slavas rajona partner\u012bba,<\/li><li>Prei\u013cu rajona partner\u012bba un<\/li><li>Europe Direct Dienvidlatgale, kas tiek r\u012bkots Akt\u012bvo iedz\u012bvot\u0101ju fonda projekta \u201cEs Dienvidlatgal\u0113 varu\u201d ietvaros .<\/li><\/ul>\n\n\n\n<p><br>Projektu \u201cEs Dienvidlatgal\u0113 varu!\u201d finans\u0113 Islande, Lihten\u0161teina un Norv\u0113\u0123ija caur EEZ un Norv\u0113\u0123ijas grantu programmu \u201cAkt\u012bvo iedz\u012bvot\u0101ju fonds\u201d<\/p>\n\n\n\n<p><\/p>\n\n\n\n<h2 class=\"wp-block-heading\">MAZLIET PAR VIEDOK\u013bIEM UN TO FESTIV\u0100LIEM.<\/h2>\n\n\n\n<p>Pirm\u0101 Daugavpils Viedok\u013cu&nbsp; festiv\u0101la b\u016bv\u0113\u0161an\u0101 iesaist\u012bjos jau krietu pusotru m\u0113nesi pirms t\u0101 norises. Un, glu\u017ei k\u0101 prezent\u0101cij\u0101 par soci\u0101lo t\u012bklu burbu\u013cu form\u0113\u0161anos, p\u0113c k\u0101da laici\u0146a mana Facebook laika josla izmeta teicienu: \u201e Fakts ir inform\u0101cija m\u012bnus emocijas. Viedoklis ir inform\u0101cija plus pieredze. Ignorance, virspus\u012bba&nbsp; ir viedoklis, kur\u0101 tr\u016bkst pieredzes. Un viedoklis, kas ignor\u0113 faktus, ir mu\u013c\u0137\u012bba\u201d.<\/p>\n\n\n\n<p>L\u016bk, \u0161\u012b nav nek\u0101da absol\u016bt\u0101 paties\u012bba, ta\u010du viela p\u0101rdom\u0101m gan. Gan festiv\u0101la tap\u0161anas, gan t\u0101 norises laik\u0101, \u013coti daudz dom\u0101ju tie\u0161i par v\u0101rda \u201eviedoklis\u201d j\u0113gu. Kas tad ir viedoklis? Vai viss, ko m\u0113s izsak\u0101m vai at\u013caujamies izteikt? Bez apdom\u0101\u0161an\u0101s un anal\u012bzes.&nbsp; M\u016bsu tradicion\u0101laj\u0101 kult\u016br\u0101 teiciens: \u201eKas uz sirds, tas uz m\u0113les, \u201d parasti raksturo b\u0113rnu, \u013coti naivu cilv\u0113ku, cilv\u0113ku, kuram t\u0101du vai cit\u0101du iemeslu d\u0113\u013c nedarbojas k\u0101das uzved\u012bbas normas. Un cit\u0101s tradicion\u0101laj\u0101s kult\u016br\u0101s ir l\u012bdz\u012bgi.<\/p>\n\n\n\n<p>\u0160obr\u012bd m\u0113s patiesi un pamatoti l\u012bksmojam par v\u0101rda un uzskatu br\u012bv\u012bb\u0101m. Izbaud\u0101m iesp\u0113jas br\u012bvi izteikties, br\u012bvi balsot, br\u012bvi dz\u012bvot, saska\u0146\u0101 ar savu v\u0113rt\u012bbu sist\u0113mu un priek\u0161statiem par labu dz\u012bvi. Un tas ir lieliski, nek\u0101du \u0161aubu par to nevar\u0113tu b\u016bt. It \u012bpa\u0161i tai paaudzei, kura izaugusi ar viedok\u013cu pau\u0161anu sav\u0101s virtuv\u0113s, un ar\u012b tad \u2013 tikai \u010dukstus, kad b\u0113rni jau gu\u013c.<\/p>\n\n\n\n<p>Br\u012bva viedok\u013ca pau\u0161ana ir \u013coti pla\u0161i akcept\u0113ta. Sarunu, Demokr\u0101tijas un Viedok\u013cu festiv\u0101li k\u013c\u016bst par popul\u0101ru par\u0101d\u012bbu sabiedrisko aktivit\u0101\u0161u noris\u0113s. T\u0101tad \u2013 tas ir noticis. M\u0113s varam. M\u016bs par to neties\u0101. Neatlai\u017e no darba un neizraida no valsts. Tiesa gan, j\u0101atceras, ka atsevi\u0161\u0137os gad\u012bjumos, kad m\u0113s izlemjam r\u012bkoties saska\u0146\u0101 ar savu tik br\u012bvi pausto viedokli, m\u016bs gan ties\u0101, gan&nbsp; atlai\u017e no darba, gan izraida no valsts.&nbsp; Sevi\u0161\u0137i kr\u012bzes situ\u0101cij\u0101s tas j\u0101atceras.<\/p>\n\n\n\n<p>Sekojo\u0161i, \u0161\u0137iet, ka esam non\u0101ku\u0161i n\u0101kamaj\u0101 demokr\u0101tiskas sabiedr\u012bbas f\u0101z\u0113, kur\u0101 viedok\u013ca publiska pau\u0161ana ir cie\u0161i saist\u012bta ar atbild\u012bbu. Ar katra atbild\u012bbu pret sabiedr\u012bbu kopum\u0101, to cilv\u0113ku loku, kuru m\u016bsu viedoklis var ietekm\u0113t. Pret valsti, galu gal\u0101. Un pie \u0161\u012b aspekta b\u016btu pastiprin\u0101ti j\u0101piedom\u0101.<\/p>\n\n\n\n<p>J\u0101, tas var skan\u0113t p\u0113c v\u0113lmes ieviest cenz\u016bru, ilg\u0101m p\u0113c \u201estingr\u0101s rokas\u201d, un t\u0101 t\u0101l\u0101k un taml\u012bdz\u012bgi. \u0160is aspekts par\u0101d\u012bj\u0101s ar\u012b Daugavpils Viedok\u013cu festiv\u0101l\u0101. K\u0101 \u2013 tu neesi var\u0113jis br\u012bvi paust savu viedokli? Kas tad tas t\u0101ds?&nbsp; Un k\u0101d\u0113\u013c gan t\u0101?<\/p>\n\n\n\n<p>N\u0113, es neesmu var\u0113jusi piln\u012bgi vienm\u0113r un piln\u012bgi br\u012bvi paust savu viedokli, neraugoties uz v\u0101rda br\u012bv\u012bbu un dz\u012bvi demokr\u0101tisk\u0101 sabiedr\u012bb\u0101. Jo zinu cilv\u0113ku loku, kas \u0161aj\u0101 viedokl\u012b ieklaus\u012bsies, un tad ir j\u0101s\u0101k dom\u0101t \u2013 k\u0101 tas vi\u0146us ietekm\u0113s? Respekt\u012bvi \u2013 jo liel\u0101ka ir tava atbild\u012bba, un liel\u0101ku cilv\u0113ku loku ietekm\u0113 tavs viedoklis, jo ret\u0101k tu vari at\u013cauties to paust piln\u012bgi br\u012bvi.<\/p>\n\n\n\n<p>Pav\u0113rs\u012bsim krietni spilgu pro\u017eektoru uz \u0161o t\u0113zi. K\u0101 jums \u0161\u0137iet, cik bie\u017ei savas dz\u012bves laik\u0101 br\u012bvi un publiski savu person\u012bgo viedokli ir var\u0113jusi paust Anglijas karaliene? M\u016bsu bijus\u012b prezidente Vaira V\u012b\u0137e Freibega? Eso\u0161ais prezidents un ministru prezidents? Atbilde ir ac\u012bmredzama. N\u0113, \u0161eit nestr\u0101d\u0101 \u201eKas uz sirds, tas uz m\u0113les.\u201d<\/p>\n\n\n\n<p>Un t\u0101 nav cenz\u016bra vai bailes. T\u0101 ir atbild\u012bbas saj\u016bta. Iek\u0161\u0113j\u0101 cenz\u016bra, ja v\u0113laties.<\/p>\n\n\n\n<p>L\u016bk, pie \u0161\u012bs katra cilv\u0113ka, kopienas un organiz\u0101cijas&nbsp; iek\u0161\u0113j\u0101s cenz\u016bras, manupr\u0101t, mums k\u0101 pilsoniskajai sabiedr\u012bbai ar\u012b b\u016btu j\u0101str\u0101d\u0101 turpm\u0101k, respekt\u0113jot to, ka \u0161\u012b ir n\u0101kam\u0101 f\u0101ze demokr\u0101tiskas sabiedr\u012bbas att\u012bst\u012bb\u0101. Jo demokr\u0101tija noz\u012bm\u0113 savstarp\u0113jas saiknes, savstarp\u0113ju atbild\u012bbu un savstarp\u0113ju cie\u0146u. Salied\u0113ta sabiedr\u012bba nav \u201epiln\u012bgiatkl\u0101tiun\u0101triunindividu\u0101li\u201d savus person\u012bgos viedok\u013cus manifest\u0113jo\u0161u indiv\u012bdu kopums.<\/p>\n\n\n\n<p>Pajaut\u0101sim katrs sev, pirms rakst\u0101m&nbsp; ierakstu vai koment\u0101ru soci\u0101lajos t\u012bklos \u2013 k\u0101 tas ietekm\u0113s klaus\u012bt\u0101jus\/las\u012bt\u0101jus? K\u0101 tas ietekm\u0113s to m\u016bsu kop\u012bgo \u201eburbuli\u201d, ko saucam par Latvijas sabiedr\u012bbu?&nbsp;<\/p>\n\n\n\n<p>Paraudz\u012bsimies uz saviem publiski paustajiem viedok\u013ciem nevis aspekt\u0101 \u201eKoparmanipadom\u0101s\u201d, bet gan \u201eK\u0101tasietekm\u0113s\u201d.<\/p>\n\n\n\n<p>Piedom\u0101jam pie saviem viedok\u013ciem. Pie inform\u0101cijas un pieredzes to form\u0113\u0161an\u0101 pieplusojam ar\u012b atbild\u012bbas j\u0113dzienu.<\/p>\n\n\n\n<p>Ieva J\u0101tneice<\/p>\n\n\n\n<p><\/p>\n\n\n\n<h2 class=\"wp-block-heading\">VAI EIROPA IR T\u0100LU?<\/h2>\n\n\n\n<p>Uzdodot tik tie\u0161u jaut\u0101jumu da\u017e\u0101du kopienu p\u0101rst\u0101vjiem Dienvidlatgal\u0113, cilv\u0113ki apzin\u0101s, ka m\u0113s \u0123eogr\u0101fiski un ar\u012b politiski, Eiropas Savien\u012bbas kontekst\u0101, dz\u012bvojam Eirop\u0101, tom\u0113r da\u017e\u0101du iemeslu d\u0113\u013c daudziem kopienu p\u0101rst\u0101vjiem bie\u017ei vien ir gr\u016bti identific\u0113t sevi ar Eiropieti, vai visamaz t\u0101 sevi saukt. Cilv\u0113ki sevi vair\u0101k asoci\u0113 ar Latvijas iedz\u012bvot\u0101ju, kas ir viena no Eiropas valstim. Ir divi svar\u012bgi iemesli, k\u0101p\u0113c kopienu p\u0101rst\u0101vji sevi nesauc par Eiropie\u0161iem. Viens no iemesliem ir saist\u012bts ar dz\u012bves l\u012bmeni un \u0123eopolitisko situ\u0101ciju. Desmitiem gadu ar Eiropu cilv\u0113kiem asoci\u0113j\u0101s t\u0101s valstis, kas atrodas uz Rietumiem no Latvijas, kur\u0101s dz\u012bves l\u012bmenis un dz\u012bves kvalit\u0101te ir augst\u0101ka. Dienvidlatgales iedz\u012bvot\u0101ji atz\u012bst, ka ekonomiskie aspketi ir b\u016btiski un tas ir liels izaicin\u0101jums. Otrs iemesls ir kopienu ierastais un bie\u017ei vien savrupais dz\u012bves veids, kas saist\u012bts ar zin\u0101mu konservat\u012bvismu. Diskusiju ar kopien\u0101m laik\u0101 bie\u017ei tika pausts viedoklis par v\u0113rt\u012bb\u0101m, kas \u201cn\u0101k no Eiropas\u201d un, kas nav piee\u0146emamas viet\u0113jiem iedz\u012bvot\u0101jiem. Ba\u017eas par liber\u0101lu v\u0113rt\u012bbu apdraud\u0113jumu kopienu cilv\u0113kiem liek ba\u017e\u012bgi attiekties par p\u0101rmai\u0146\u0101m un v\u0113lmi teikt: \u201cM\u0113s neesam t\u0101di. M\u0113s esam sav\u0101d\u0101ki\u201d. Ba\u017eas par p\u0101rmai\u0146\u0101m un atv\u0113rtas sabiedr\u012bbas apdraud\u0113jumu cilv\u0113kiem pal\u012bdz distanc\u0113\u0161n\u0101s sevi atz\u012bt par Eiropieti.<\/p>\n\n\n\n<p>Dienvidlatgales kopienu p\u0101rst\u0101vjii visvair\u0101k Eiropas kontekst\u0101 nov\u0113rt\u0113 br\u012bv\u012bbu k\u0101 v\u0113rt\u012bbu, ko b\u016b\u0161ana Eirop\u0101 mums sniedz- tas attiecas gan uz fizisko br\u012bv\u012bbu politisk\u0101 apdraud\u0113juma kontekst\u0101, ce\u013co\u0161anas un p\u0101rvieto\u0161an\u0101s br\u012bv\u012bbu, gan br\u012bv\u012bbu, kas saist\u012bta ar iesp\u0113ju br\u012bvi izteikties un r\u012bkoties.&nbsp; Kontekst\u0101 ar pieaugu\u0161o kontaktu skaitu da\u017e\u0101d\u0101s Eiropas valst\u012bs, kas saist\u012bta ar draugu, pazi\u0146u un kol\u0113\u0123u esam\u012bbu da\u017e\u0101d\u0101s valst\u012bs (Glob\u0101lais tirgus), k\u0101 ar\u012b ar emigr\u0101ciju, k\u0101 reult\u0101t\u0101 \u0123ime\u0146u locek\u013ci atrodas da\u017e\u0101d\u0101s valst\u012bs, Kopienu p\u0101rst\u0101vjiem Eirop\u0101 vis\u0101 t\u0101s pla\u0161um\u0101 saist\u0101s ar draugiem un \u0123imeni.<\/p>\n\n\n\n<p>Iesp\u0113jas, ko sniedz Eiropa tiek nov\u0113rt\u0113tas gan pozit\u012bv\u0101 kontekst\u0101 (Iesp\u0113ja ce\u013cot, Iesp\u0113ja m\u0101c\u012bties, iesp\u0113ja jaun\u0101m pieredz\u0113m utt), gan pat\u0113rniecisk\u0101 noz\u012bm\u0113, k\u0101 iesp\u0113ja tikt pie \u201clabumiem\u201d.&nbsp; Gan ekonomisk\u0101s nevienl\u012bdz\u012bbas, gan at\u0161\u0137ir\u012bb\u0101m ikdienas soci\u0101lo sai\u0161u veido\u0161an\u0101, kopienu iedz\u012bvot\u0101ji vair\u0101k apzin\u0101s, ka Eiropa vair\u0101k ietekm\u0113 Diezvidlatgales kopienas k\u0101 kopienas ietekm\u0113 Eiropu, ar to dom\u0101jot gan Eiropas Parlamentu, gan Eiropas komisiju. K\u0101 iesp\u0113ju ietekm\u0113t Eiropu caur Eiropas Parlamenta v\u0113l\u0113\u0161an\u0101s tika atz\u012bta k\u0101 iesp\u0113ja, tom\u0113r ar mazu ietekmi. Vair\u0101k kopienu p\u0101rst\u0101vji redz l\u012bdzdal\u012bbu Eirop\u0101 caur pa\u0161vald\u012bb\u0101m un valsts p\u0101rvaldi. \u0160\u012b iemesla d\u0113\u013c b\u016btiski, ka pa\u0161vald\u012bbu un nacion\u0101lo politi\u0137u loma dialoga un Eiropas apzi\u0146as veido\u0161an\u0101 ir b\u016btiskojama.<\/p>\n\n\n\n<p>Kontekst\u0101 ar dzird\u0113to un piefiks\u0113to Viedok\u013cu festiv\u0101la laik\u0101 n\u0101kotn\u0113 b\u016btiski att\u012bst\u012bt da\u017e\u0101dus politiku veidojo\u0161us instrumentus: Tie\u0161a iesaiste politikas l\u0113mumu veido\u0161an\u0101, Veicino\u0161a un atv\u0113rta iesp\u0113ja iesaist\u012bties bud\u017eeta veido\u0161anas procesos, P\u0113t\u012bjumu veik\u0161anas veicin\u0101\u0161ana, Sabiedr\u012bbas izgl\u012bto\u0161ana, sabiedr\u012bbas mobiliz\u0113\u0161ana, Starpsektoru sadarb\u012bbas veicin\u0101\u0161ana, M\u0113diju iesaiste, T\u012bklo\u0161an\u0101s un pieredzes apmai\u0146as intensit\u0101tes palielin\u0101\u0161ana, sabiedrisko procesu uzraudz\u012b\u0161anas, pald\u012bdz\u012bbas un atbalsts.<\/p>\n\n\n\n<p>J\u0101akcent\u0113, ka kopien\u0101m gan Dienidlatgal\u0113, gan ar\u012b citur Latvij\u0101 svar\u012bga ir iesp\u0113ja piek\u013c\u016bt inform\u0101cijai un zin\u0101\u0161an\u0101m k\u0101 ar\u012b \u0161\u0137\u0113r\u0161\u013cu mazin\u0101\u0161ana izmantot Eiropas un Eiropas Savien\u012bbas iesp\u0113jas.<\/p>\n\n\n\n<p>\u0100ris \u0100dlers<\/p>\n\n\n\n<div data-wp-interactive=\"core\/file\" class=\"wp-block-file\"><object data-wp-bind--hidden=\"!state.hasPdfPreview\" hidden class=\"wp-block-file__embed\" data=\"https:\/\/daugavpils.partneribas.lv\/wp-content\/uploads\/2023\/02\/norway_buklets_small.pdf\" type=\"application\/pdf\" style=\"width:100%;height:600px\" aria-label=\"Iegult Iegult norway_buklets_small..\"><\/object><a id=\"wp-block-file--media-3e1fa0ff-935e-4044-9983-998874bb3d4d\" href=\"https:\/\/daugavpils.partneribas.lv\/wp-content\/uploads\/2023\/02\/norway_buklets_small.pdf\">norway_buklets_small<\/a><a href=\"https:\/\/daugavpils.partneribas.lv\/wp-content\/uploads\/2023\/02\/norway_buklets_small.pdf\" class=\"wp-block-file__button\" download aria-describedby=\"wp-block-file--media-3e1fa0ff-935e-4044-9983-998874bb3d4d\">Lejupiel\u0101d\u0113t<\/a><\/div>\n\n\n\n<div data-wp-interactive=\"core\/file\" class=\"wp-block-file\"><object data-wp-bind--hidden=\"!state.hasPdfPreview\" hidden class=\"wp-block-file__embed\" data=\"https:\/\/daugavpils.partneribas.lv\/wp-content\/uploads\/2023\/02\/Projekta_kopsavilkums_202212-1-1.pdf\" type=\"application\/pdf\" style=\"width:100%;height:600px\" aria-label=\"Iegult Iegult Projekta_kopsavilkums_202212-1-1..\"><\/object><a id=\"wp-block-file--media-2915d109-f0f0-44d8-81a8-de15173e2c65\" href=\"https:\/\/daugavpils.partneribas.lv\/wp-content\/uploads\/2023\/02\/Projekta_kopsavilkums_202212-1-1.pdf\">Projekta_kopsavilkums_202212-1-1<\/a><a href=\"https:\/\/daugavpils.partneribas.lv\/wp-content\/uploads\/2023\/02\/Projekta_kopsavilkums_202212-1-1.pdf\" class=\"wp-block-file__button\" download aria-describedby=\"wp-block-file--media-2915d109-f0f0-44d8-81a8-de15173e2c65\">Lejupiel\u0101d\u0113t<\/a><\/div>\n\n\n\n<div data-wp-interactive=\"core\/file\" class=\"wp-block-file\"><object data-wp-bind--hidden=\"!state.hasPdfPreview\" hidden class=\"wp-block-file__embed\" data=\"https:\/\/daugavpils.partneribas.lv\/wp-content\/uploads\/2023\/02\/Projekta_Es_Dienividlatgale_varu_vizitkarte-1.pdf\" type=\"application\/pdf\" style=\"width:100%;height:600px\" aria-label=\"Iegult Iegult Projekta_Es_Dienividlatgale_varu_vizitkarte-1..\"><\/object><a id=\"wp-block-file--media-c6dd5309-1620-4c16-a027-c8582da0216c\" href=\"https:\/\/daugavpils.partneribas.lv\/wp-content\/uploads\/2023\/02\/Projekta_Es_Dienividlatgale_varu_vizitkarte-1.pdf\">Projekta_Es_Dienividlatgale_varu_vizitkarte-1<\/a><a href=\"https:\/\/daugavpils.partneribas.lv\/wp-content\/uploads\/2023\/02\/Projekta_Es_Dienividlatgale_varu_vizitkarte-1.pdf\" class=\"wp-block-file__button\" download aria-describedby=\"wp-block-file--media-c6dd5309-1620-4c16-a027-c8582da0216c\">Lejupiel\u0101d\u0113t<\/a><\/div>\n","protected":false},"excerpt":{"rendered":"<p>Lai stiprin\u0101tu pilsonisko l\u012bdzdal\u012bbu, demokr\u0101tijas kult\u016bru un att\u012bst\u012btu kopienas aicin\u0101m iedz\u012bvot\u0101jus piedal\u012bties kopienu semin\u0101ros \u201cES VARU\u201d SEMIN\u0100RA LAIK\u0100 IEG\u016aSIET: Izpratni un pieredzi, ka da\u017e\u0101d\u012bba ir v\u0113rt\u012bba; Izpratni par dialoga noz\u012bm\u012bgumu kopienas att\u012bst\u012bb\u0101; Izpratni par kopienas procesiem un savu vietu taj\u0101; Sevis un citu apzin\u0101\u0161an\u0101s k\u0101 resursu kopienas att\u012bst\u012bb\u0101; Iem\u0101c\u012bsieties rast risin\u0101jumus kopienu izaicin\u0101jumiem; Veidosiet jaunas [&hellip;]<\/p>\n","protected":false},"author":2,"featured_media":0,"parent":1977,"menu_order":0,"comment_status":"closed","ping_status":"closed","template":"","meta":{"footnotes":""},"class_list":["post-2175","page","type-page","status-publish","hentry"],"_links":{"self":[{"href":"https:\/\/daugavpils.partneribas.lv\/index.php?rest_route=\/wp\/v2\/pages\/2175","targetHints":{"allow":["GET"]}}],"collection":[{"href":"https:\/\/daugavpils.partneribas.lv\/index.php?rest_route=\/wp\/v2\/pages"}],"about":[{"href":"https:\/\/daugavpils.partneribas.lv\/index.php?rest_route=\/wp\/v2\/types\/page"}],"author":[{"embeddable":true,"href":"https:\/\/daugavpils.partneribas.lv\/index.php?rest_route=\/wp\/v2\/users\/2"}],"replies":[{"embeddable":true,"href":"https:\/\/daugavpils.partneribas.lv\/index.php?rest_route=%2Fwp%2Fv2%2Fcomments&post=2175"}],"version-history":[{"count":17,"href":"https:\/\/daugavpils.partneribas.lv\/index.php?rest_route=\/wp\/v2\/pages\/2175\/revisions"}],"predecessor-version":[{"id":3622,"href":"https:\/\/daugavpils.partneribas.lv\/index.php?rest_route=\/wp\/v2\/pages\/2175\/revisions\/3622"}],"up":[{"embeddable":true,"href":"https:\/\/daugavpils.partneribas.lv\/index.php?rest_route=\/wp\/v2\/pages\/1977"}],"wp:attachment":[{"href":"https:\/\/daugavpils.partneribas.lv\/index.php?rest_route=%2Fwp%2Fv2%2Fmedia&parent=2175"}],"curies":[{"name":"wp","href":"https:\/\/api.w.org\/{rel}","templated":true}]}}